{"id":1811,"date":"2024-07-12T15:48:48","date_gmt":"2024-07-12T13:48:48","guid":{"rendered":"https:\/\/www.boutique.genealogiemagazine.com\/?post_type=product&#038;p=1811"},"modified":"2024-09-06T19:29:45","modified_gmt":"2024-09-06T17:29:45","slug":"genealogie-magazine-n-387-388-version-papier","status":"publish","type":"product","link":"https:\/\/www.boutique.genealogiemagazine.com\/produit\/genealogie-magazine-n-387-388-version-papier\/","title":{"rendered":"G\u00e9n\u00e9alogie Magazine n\u00b0 387-388 \u2013 Version papier"},"content":{"rendered":"<div id=\"wrapper1\">\n<div id=\"wrapper2\">\n<div id=\"wrapper3\">\n<div id=\"columns\">\n<div id=\"center_column\" class=\"center_column\">\n<div id=\"center_column_inner\">\n<div id=\"more_info_block\" class=\"clear\">\n<div id=\"more_info_sheets\" class=\"sheets align_justify\">\n<div id=\"idTab1\">\n<p>Actualit\u00e9s<br \/>\nAssociations<br \/>\nEntraide et abonnement<br \/>\nDossier<br \/>\nLes Archives en ligne<br \/>\npar Gilles Pr\u00e9vost<br \/>\nActualit\u00e9 USA<br \/>\nJoe Biden<br \/>\npar Mathieu Delaunay<br \/>\nCatalogue du g\u00e9n\u00e9alogiste 2021<br \/>\nHommage Personnalit\u00e9s<br \/>\nVal\u00e9ry Giscard d\u2019Estaing<br \/>\nRobert Castel<br \/>\nRobert Hossein<br \/>\nPierre Cardin<br \/>\nCaroline Cellier<br \/>\nJean Panisse<br \/>\npar Mathieu Delaunay<br \/>\nPersonnalit\u00e9s<br \/>\nJean-Paul Belmondo<br \/>\npar Mathieu Delaunay<br \/>\nAssociation<br \/>\nCercle Loz\u00e9rien de G\u00e9n\u00e9alogie<br \/>\nSaga<br \/>\nLa famille Espinasse Brasseur<br \/>\npar Luc Antonini<br \/>\nM\u00e9tiers<br \/>\nLe Prevot<br \/>\npar Patrick Vigneron<br \/>\nla feuille du d\u00e9butant<br \/>\npar Francis Christian<br \/>\nEn librairie<br \/>\nLes Professionnels<\/p><div id=\"anniv-2826438615\" class=\"anniv-contenu anniv-entity-placement\"><script async src=\"\/\/pagead2.googlesyndication.com\/pagead\/js\/adsbygoogle.js?client=ca-pub-8639961027790050\" crossorigin=\"anonymous\"><\/script><ins class=\"adsbygoogle\" style=\"display:block;\" data-ad-client=\"ca-pub-8639961027790050\" \ndata-ad-slot=\"5451536801\" \ndata-ad-format=\"auto\"><\/ins>\n<script> \n(adsbygoogle = window.adsbygoogle || []).push({}); \n<\/script>\n<\/div>\n<\/div>\n<\/div>\n<\/div>\n<\/div>\n<\/div>\n<\/div>\n<\/div>\n<\/div>\n<\/div>\n<div id=\"anniv-944980058\" class=\"anniv-apres anniv-entity-placement\"><script async src=\"\/\/pagead2.googlesyndication.com\/pagead\/js\/adsbygoogle.js?client=ca-pub-8639961027790050\" crossorigin=\"anonymous\"><\/script><ins class=\"adsbygoogle\" style=\"display:block;\" data-ad-client=\"ca-pub-8639961027790050\" \ndata-ad-slot=\"5451536801\" \ndata-ad-format=\"auto\"><\/ins>\n<script> \n(adsbygoogle = window.adsbygoogle || []).push({}); \n<\/script>\n<\/div>","protected":false},"excerpt":{"rendered":"<div id=\"wrapper1\">\n<div id=\"wrapper2\">\n<div id=\"wrapper3\">\n<div id=\"columns\">\n<div id=\"center_column\" class=\"center_column\">\n<div id=\"center_column_inner\">\n<div id=\"primary_block\" class=\"clearfix\">\n<div id=\"pb-left-column\">\n<div id=\"short_description_block\">\n<div id=\"short_description_content\" class=\"rte align_justify\">Les Archives en ligne, g\u00e9n\u00e9alogies de Joe Biden, Val\u00e9ry Giscard d\u2019Estaing, Robert Castel, Robert Hossein, Pierre Cardin, Caroline Cellier, Jean Panisse, etc..<\/div>\n<\/div>\n<\/div>\n<\/div>\n<\/div>\n<\/div>\n<\/div>\n<\/div>\n<\/div>\n<\/div>\n","protected":false},"featured_media":793,"comment_status":"open","ping_status":"closed","template":"","meta":[],"product_brand":[],"product_cat":[42],"product_tag":[456,457,458,459,460,423,461,462,463,464],"class_list":{"0":"post-1811","1":"product","2":"type-product","3":"status-publish","4":"has-post-thumbnail","6":"product_cat-genealogie-magazine-version-papier","7":"product_tag-caroline-cellier","8":"product_tag-famille-espinasse-brasseur","9":"product_tag-jean-panisse","10":"product_tag-jean-paul-belmondo","11":"product_tag-joe-biden","12":"product_tag-les-archives-en-ligne","13":"product_tag-pierre-cardin","14":"product_tag-robert-castel","15":"product_tag-robert-hossein","16":"product_tag-valery-giscard-destaing","18":"first","19":"instock","20":"shipping-taxable","21":"purchasable","22":"product-type-simple"},"_links":{"self":[{"href":"https:\/\/www.boutique.genealogiemagazine.com\/wp-json\/wp\/v2\/product\/1811","targetHints":{"allow":["GET"]}}],"collection":[{"href":"https:\/\/www.boutique.genealogiemagazine.com\/wp-json\/wp\/v2\/product"}],"about":[{"href":"https:\/\/www.boutique.genealogiemagazine.com\/wp-json\/wp\/v2\/types\/product"}],"replies":[{"embeddable":true,"href":"https:\/\/www.boutique.genealogiemagazine.com\/wp-json\/wp\/v2\/comments?post=1811"}],"wp:featuredmedia":[{"embeddable":true,"href":"https:\/\/www.boutique.genealogiemagazine.com\/wp-json\/wp\/v2\/media\/793"}],"wp:attachment":[{"href":"https:\/\/www.boutique.genealogiemagazine.com\/wp-json\/wp\/v2\/media?parent=1811"}],"wp:term":[{"taxonomy":"product_brand","embeddable":true,"href":"https:\/\/www.boutique.genealogiemagazine.com\/wp-json\/wp\/v2\/product_brand?post=1811"},{"taxonomy":"product_cat","embeddable":true,"href":"https:\/\/www.boutique.genealogiemagazine.com\/wp-json\/wp\/v2\/product_cat?post=1811"},{"taxonomy":"product_tag","embeddable":true,"href":"https:\/\/www.boutique.genealogiemagazine.com\/wp-json\/wp\/v2\/product_tag?post=1811"}],"curies":[{"name":"wp","href":"https:\/\/api.w.org\/{rel}","templated":true}]}}