{"id":925,"date":"2024-05-28T18:11:15","date_gmt":"2024-05-28T16:11:15","guid":{"rendered":"https:\/\/www.boutique.genealogiemagazine.com\/?post_type=product&#038;p=925"},"modified":"2024-05-28T18:11:22","modified_gmt":"2024-05-28T16:11:22","slug":"genealogie-magazine-n-385-386","status":"publish","type":"product","link":"https:\/\/www.boutique.genealogiemagazine.com\/produit\/genealogie-magazine-n-385-386\/","title":{"rendered":"G\u00e9n\u00e9alogie Magazine n\u00b0 385-386"},"content":{"rendered":"<p>Actualit\u00e9s<\/p><div id=\"anniv-213487426\" class=\"anniv-contenu anniv-entity-placement\"><script async src=\"\/\/pagead2.googlesyndication.com\/pagead\/js\/adsbygoogle.js?client=ca-pub-8639961027790050\" crossorigin=\"anonymous\"><\/script><ins class=\"adsbygoogle\" style=\"display:block;\" data-ad-client=\"ca-pub-8639961027790050\" \ndata-ad-slot=\"5451536801\" \ndata-ad-format=\"auto\"><\/ins>\n<script> \n(adsbygoogle = window.adsbygoogle || []).push({}); \n<\/script>\n<\/div>\n<p>Associations<br \/>\nEntraide et abonnement<\/p>\n<p>Dossier<br \/>\nLes pand\u00e9mies en France et dans le monde<br \/>\npar Francis Christian<\/p>\n<p>Histoire<br \/>\nLa famille Saffroy<br \/>\npar Luc Antonini<\/p>\n<p>Actualit\u00e9<br \/>\nJean Castex<br \/>\npar Luc Antonini<\/p>\n<p>Catalogue du g\u00e9n\u00e9alogiste 2020<\/p>\n<p>Hommage Personnalit\u00e9s<br \/>\nMichel Piccoli<br \/>\nAnnie Cordy<\/p>\n<p>Juliette G\u00e9co<br \/>\nLes Debr\u00e9<br \/>\npar Luc Antonini<\/p>\n<p>Personnalit\u00e9s<br \/>\nMyl\u00e8ne Demongeot<br \/>\npar Luc Antonini<\/p>\n<p>Association<br \/>\nUnion G\u00e9n\u00e9alogique Occitanie Historique<\/p>\n<p>Logiciel<br \/>\nGeneaTique 2021 et Heredis 2021<br \/>\npar Gilles Pr\u00e9vost<\/p>\n<p>Saga<br \/>\nLa famille Lindon<br \/>\npar Luc Antonini<\/p>\n<p>Internet<br \/>\nArbre-o-matic et Filae<br \/>\npar Gilles Pr\u00e9vost<\/p>\n<p>M\u00e9tiers<br \/>\nLes Forts des Halles<br \/>\npar Patrick Vigneron<\/p>\n<p>En librairie<\/p>\n<p>Les Professionnels<\/p>\n<div id=\"anniv-1074359300\" class=\"anniv-apres anniv-entity-placement\"><script async src=\"\/\/pagead2.googlesyndication.com\/pagead\/js\/adsbygoogle.js?client=ca-pub-8639961027790050\" crossorigin=\"anonymous\"><\/script><ins class=\"adsbygoogle\" style=\"display:block;\" data-ad-client=\"ca-pub-8639961027790050\" \ndata-ad-slot=\"5451536801\" \ndata-ad-format=\"auto\"><\/ins>\n<script> \n(adsbygoogle = window.adsbygoogle || []).push({}); \n<\/script>\n<\/div>","protected":false},"excerpt":{"rendered":"<p>Les pand\u00e9mies en France et dans le monde, La famille Saffroy, g\u00e9n\u00e9alogies Jean Castex, Michel Piccoli, Annie Cordy, Les Debr\u00e9, Myl\u00e8ne Demongeot, etc&#8230;<\/p>\n","protected":false},"featured_media":791,"comment_status":"open","ping_status":"closed","template":"","meta":[],"product_brand":[],"product_cat":[767],"product_tag":[233,302,440,441,442,443,444,445,446,447,448,449,450],"class_list":{"0":"post-925","1":"product","2":"type-product","3":"status-publish","4":"has-post-thumbnail","6":"product_cat-genealogie-magazine-version-numerique","7":"product_tag-annie-cordy","8":"product_tag-debre","9":"product_tag-filae","10":"product_tag-geneatique-2021","11":"product_tag-heredis-2021","12":"product_tag-jean-castex","13":"product_tag-juliette-geco","14":"product_tag-la-famille-lindon","15":"product_tag-la-famille-saffroy","16":"product_tag-les-pandemies-en-france-et-dans-le-monde","17":"product_tag-michel-piccoli","18":"product_tag-mylene-demongeot","19":"product_tag-union-genealogique-occitanie-historique","21":"first","22":"instock","23":"downloadable","24":"virtual","25":"purchasable","26":"product-type-simple"},"_links":{"self":[{"href":"https:\/\/www.boutique.genealogiemagazine.com\/wp-json\/wp\/v2\/product\/925","targetHints":{"allow":["GET"]}}],"collection":[{"href":"https:\/\/www.boutique.genealogiemagazine.com\/wp-json\/wp\/v2\/product"}],"about":[{"href":"https:\/\/www.boutique.genealogiemagazine.com\/wp-json\/wp\/v2\/types\/product"}],"replies":[{"embeddable":true,"href":"https:\/\/www.boutique.genealogiemagazine.com\/wp-json\/wp\/v2\/comments?post=925"}],"wp:featuredmedia":[{"embeddable":true,"href":"https:\/\/www.boutique.genealogiemagazine.com\/wp-json\/wp\/v2\/media\/791"}],"wp:attachment":[{"href":"https:\/\/www.boutique.genealogiemagazine.com\/wp-json\/wp\/v2\/media?parent=925"}],"wp:term":[{"taxonomy":"product_brand","embeddable":true,"href":"https:\/\/www.boutique.genealogiemagazine.com\/wp-json\/wp\/v2\/product_brand?post=925"},{"taxonomy":"product_cat","embeddable":true,"href":"https:\/\/www.boutique.genealogiemagazine.com\/wp-json\/wp\/v2\/product_cat?post=925"},{"taxonomy":"product_tag","embeddable":true,"href":"https:\/\/www.boutique.genealogiemagazine.com\/wp-json\/wp\/v2\/product_tag?post=925"}],"curies":[{"name":"wp","href":"https:\/\/api.w.org\/{rel}","templated":true}]}}