{"id":953,"date":"2024-05-28T18:11:27","date_gmt":"2024-05-28T16:11:27","guid":{"rendered":"https:\/\/www.boutique.genealogiemagazine.com\/?post_type=product&#038;p=953"},"modified":"2024-05-28T18:11:55","modified_gmt":"2024-05-28T16:11:55","slug":"histoire-societes-n-086","status":"publish","type":"product","link":"https:\/\/www.boutique.genealogiemagazine.com\/produit\/histoire-societes-n-086\/","title":{"rendered":"Histoire &#038; Soci\u00e9t\u00e9s n\u00b0 086"},"content":{"rendered":"<p>Napol\u00e9on empoisonn\u00e9<br \/>\n\u2014 Le proc\u00e8s de Sainte-H\u00e9l\u00e8ne<br \/>\npar Jacques Mac\u00e9<br \/>\nSur les mers lointaines<br \/>\n\u2014 Les baleiniers basques<br \/>\npar Thierry Du Pasquier<br \/>\nTerroir<br \/>\n\u2014 Les C\u00e9venols font revivre leur montagne<br \/>\nImp\u00e9ratrice m\u00e9lancolique<br \/>\n\u2014 \u00c9lisabeth d\u2019Autriche<br \/>\npar Xavier Paoli<br \/>\n\u00c9tat pr\u00e9sent<br \/>\n\u2014 La famille princi\u00e8re de Hohenlohe<br \/>\n(6e partie), par Daniel Manach<\/p><div id=\"anniv-3204428409\" class=\"anniv-contenu anniv-entity-placement\"><script async src=\"\/\/pagead2.googlesyndication.com\/pagead\/js\/adsbygoogle.js?client=ca-pub-8639961027790050\" crossorigin=\"anonymous\"><\/script><ins class=\"adsbygoogle\" style=\"display:block;\" data-ad-client=\"ca-pub-8639961027790050\" \ndata-ad-slot=\"5451536801\" \ndata-ad-format=\"auto\"><\/ins>\n<script> \n(adsbygoogle = window.adsbygoogle || []).push({}); \n<\/script>\n<\/div>\n<div id=\"anniv-751784593\" class=\"anniv-apres anniv-entity-placement\"><script async src=\"\/\/pagead2.googlesyndication.com\/pagead\/js\/adsbygoogle.js?client=ca-pub-8639961027790050\" crossorigin=\"anonymous\"><\/script><ins class=\"adsbygoogle\" style=\"display:block;\" data-ad-client=\"ca-pub-8639961027790050\" \ndata-ad-slot=\"5451536801\" \ndata-ad-format=\"auto\"><\/ins>\n<script> \n(adsbygoogle = window.adsbygoogle || []).push({}); \n<\/script>\n<\/div>","protected":false},"excerpt":{"rendered":"<p>Napol\u00e9on empoisonn\u00e9, Les baleiniers basques, Les C\u00e9venols font revivre leur montagne<\/p>\n","protected":false},"featured_media":1003,"comment_status":"open","ping_status":"closed","template":"","meta":[],"product_brand":[],"product_cat":[169],"product_tag":[112,481,482],"class_list":{"0":"post-953","1":"product","2":"type-product","3":"status-publish","4":"has-post-thumbnail","6":"product_cat-histoire-societes-version-numerique","7":"product_tag-daniel-manach","8":"product_tag-jacques-mace","9":"product_tag-la-famille-princiere-de-hohenlohe","11":"first","12":"instock","13":"shipping-taxable","14":"purchasable","15":"product-type-simple"},"_links":{"self":[{"href":"https:\/\/www.boutique.genealogiemagazine.com\/wp-json\/wp\/v2\/product\/953","targetHints":{"allow":["GET"]}}],"collection":[{"href":"https:\/\/www.boutique.genealogiemagazine.com\/wp-json\/wp\/v2\/product"}],"about":[{"href":"https:\/\/www.boutique.genealogiemagazine.com\/wp-json\/wp\/v2\/types\/product"}],"replies":[{"embeddable":true,"href":"https:\/\/www.boutique.genealogiemagazine.com\/wp-json\/wp\/v2\/comments?post=953"}],"wp:featuredmedia":[{"embeddable":true,"href":"https:\/\/www.boutique.genealogiemagazine.com\/wp-json\/wp\/v2\/media\/1003"}],"wp:attachment":[{"href":"https:\/\/www.boutique.genealogiemagazine.com\/wp-json\/wp\/v2\/media?parent=953"}],"wp:term":[{"taxonomy":"product_brand","embeddable":true,"href":"https:\/\/www.boutique.genealogiemagazine.com\/wp-json\/wp\/v2\/product_brand?post=953"},{"taxonomy":"product_cat","embeddable":true,"href":"https:\/\/www.boutique.genealogiemagazine.com\/wp-json\/wp\/v2\/product_cat?post=953"},{"taxonomy":"product_tag","embeddable":true,"href":"https:\/\/www.boutique.genealogiemagazine.com\/wp-json\/wp\/v2\/product_tag?post=953"}],"curies":[{"name":"wp","href":"https:\/\/api.w.org\/{rel}","templated":true}]}}